{"id":8517,"date":"2021-03-28T01:19:27","date_gmt":"2021-03-28T00:19:27","guid":{"rendered":"https:\/\/absynth.eu\/?page_id=8517"},"modified":"2021-03-28T01:19:27","modified_gmt":"2021-03-28T00:19:27","slug":"kres-architekci","status":"publish","type":"page","link":"https:\/\/absynth.eu\/en\/kres-architekci\/","title":{"rendered":"KRES Architekci"},"content":{"rendered":"<div class=\"vc_row wpb_row vc_row-fluid\" ><div class=\"wpb_column vc_column_container vc_col-sm-12\"><div class=\"vc_column-inner\"><div class=\"wpb_wrapper\">\n\t<div  class=\"wpb_single_image wpb_content_element vc_align_left  wpb_animate_when_almost_visible wpb_fadeInUp fadeInUp\">\n\t\t\n\t\t<figure class=\"wpb_wrapper vc_figure\">\n\t\t\t<div class=\"vc_single_image-wrapper   vc_box_border_grey\"><img loading=\"lazy\" decoding=\"async\" width=\"1920\" height=\"1200\" src=\"https:\/\/absynth.eu\/wp-content\/uploads\/2021\/03\/02-Salon_004.jpg\" class=\"vc_single_image-img attachment-full\" alt=\"KRES Architekci\" srcset=\"https:\/\/absynth.eu\/wp-content\/uploads\/2021\/03\/02-Salon_004.jpg 1920w, https:\/\/absynth.eu\/wp-content\/uploads\/2021\/03\/02-Salon_004-300x188.jpg 300w, https:\/\/absynth.eu\/wp-content\/uploads\/2021\/03\/02-Salon_004-1024x640.jpg 1024w, https:\/\/absynth.eu\/wp-content\/uploads\/2021\/03\/02-Salon_004-768x480.jpg 768w, https:\/\/absynth.eu\/wp-content\/uploads\/2021\/03\/02-Salon_004-1536x960.jpg 1536w\" sizes=\"(max-width: 1920px) 100vw, 1920px\" \/><\/div>\n\t\t<\/figure>\n\t<\/div>\n<div class=\"vc_empty_space\"   style=\"height: 92px\" ><span class=\"vc_empty_space_inner\"><\/span><\/div>\n<\/div><\/div><\/div><\/div><div class=\"qodef-row-grid-section-wrapper\"  ><div class=\"qodef-row-grid-section\"><div class=\"vc_row wpb_row vc_row-fluid\" ><div class=\"wpb_column vc_column_container vc_col-sm-12\"><div class=\"vc_column-inner\"><div class=\"wpb_wrapper\"><div class=\"qodef-section-title-holder  qodef-st-standard qodef-st-title-left qodef-st-normal-space\" >\n\t<div class=\"qodef-st-inner\">\n\t\t\t\t\t\t\t<h2 class=\"qodef-st-title\" >\n\t\t\t\tKRES Architekci\t\t\t<\/h2>\n\t\t\t\t\t<\/div>\n<\/div><div class=\"vc_empty_space\"   style=\"height: 32px\" ><span class=\"vc_empty_space_inner\"><\/span><\/div>\n<\/div><\/div><\/div><\/div><\/div><\/div><div class=\"qodef-row-grid-section-wrapper\"  ><div class=\"qodef-row-grid-section\"><div class=\"vc_row wpb_row vc_row-fluid\" ><div class=\"wpb_column vc_column_container vc_col-sm-12\"><div class=\"vc_column-inner\"><div class=\"wpb_wrapper\">\n\t<div class=\"wpb_text_column wpb_content_element\" >\n\t\t<div class=\"wpb_wrapper\">\n\t\t\t<p>Zajmujemy si\u0119 kompleksowym projektowaniem wn\u0119trz mieszkalnych i komercyjnych. W swoim dorobku posiadamy <strong>bogate portfolio<\/strong> zrealizowanych projekt\u00f3w. Jako architekci wn\u0119trz staramy si\u0119 zadowoli\u0107 nawet najbardziej wymagaj\u0105cych klient\u00f3w i wpisa\u0107 si\u0119 w preferowany przez klienta styl. Nie tylko projektujemy, ale wiemy, jak to wykona\u0107. Nie tworzymy wizji, <strong>tworzymy realizacje<\/strong>!<\/p>\n<p>Do zobaczenia w naszym studio, gdzie posiadamy <strong>bogaty zbi\u00f3r tkanin i element\u00f3w wyko\u0144czeniowych<\/strong>. Doradzimy w kwestii doboru tkaniny oraz konfiguracji Twojej wymarzonej sofy. Prosimy o wcze\u015bniejszy kontakt telefoniczny b\u0105d\u017a mailowy w celu um\u00f3wienia spotkania.<\/p>\n\n\t\t<\/div>\n\t<\/div>\n<div class=\"vc_empty_space\"   style=\"height: 32px\" ><span class=\"vc_empty_space_inner\"><\/span><\/div>\n<\/div><\/div><\/div><\/div><\/div><\/div><div class=\"qodef-row-grid-section-wrapper\"  ><div class=\"qodef-row-grid-section\"><div class=\"vc_row wpb_row vc_row-fluid\" ><div class=\"wpb_column vc_column_container vc_col-sm-12\"><div class=\"vc_column-inner\"><div class=\"wpb_wrapper\">\n\t<div class=\"wpb_text_column wpb_content_element\" >\n\t\t<div class=\"wpb_wrapper\">\n\t\t\t<h5><a href=\"http:\/\/www.kresarchitekci.pl\/\" target=\"_blank\" rel=\"noopener noreferrer\">KRES Architekci<\/a><\/h5>\n<p>ul. Magistracka 26A\/3, 01-413 Warszawa, Poland<br \/><a href=\"tel: 48781500980\">781 500 980<\/a><br \/><a href=\"mailto:biuro@kresarchitekci.pl\">biuro@kresarchitekci.pl<\/a><\/p>\n\n\t\t<\/div>\n\t<\/div>\n<div class=\"vc_empty_space\"   style=\"height: 92px\" ><span class=\"vc_empty_space_inner\"><\/span><\/div>\n<\/div><\/div><\/div><\/div><\/div><\/div><div class=\"vc_row wpb_row vc_row-fluid\" ><div class=\"wpb_column vc_column_container vc_col-sm-4\"><div class=\"vc_column-inner\"><div class=\"wpb_wrapper\">\n\t<div  class=\"wpb_single_image wpb_content_element vc_align_center  wpb_animate_when_almost_visible wpb_fadeInLeft fadeInLeft\">\n\t\t\n\t\t<figure class=\"wpb_wrapper vc_figure\">\n\t\t\t<div class=\"vc_single_image-wrapper   vc_box_border_grey\"><img loading=\"lazy\" decoding=\"async\" width=\"1024\" height=\"640\" src=\"https:\/\/absynth.eu\/wp-content\/uploads\/2021\/03\/02-Salon_004-1024x640.jpg\" class=\"vc_single_image-img attachment-large\" alt=\"KRES Architekci\" srcset=\"https:\/\/absynth.eu\/wp-content\/uploads\/2021\/03\/02-Salon_004-1024x640.jpg 1024w, https:\/\/absynth.eu\/wp-content\/uploads\/2021\/03\/02-Salon_004-300x188.jpg 300w, https:\/\/absynth.eu\/wp-content\/uploads\/2021\/03\/02-Salon_004-768x480.jpg 768w, https:\/\/absynth.eu\/wp-content\/uploads\/2021\/03\/02-Salon_004-1536x960.jpg 1536w, https:\/\/absynth.eu\/wp-content\/uploads\/2021\/03\/02-Salon_004.jpg 1920w\" sizes=\"(max-width: 1024px) 100vw, 1024px\" \/><\/div>\n\t\t<\/figure>\n\t<\/div>\n<\/div><\/div><\/div><div class=\"wpb_column vc_column_container vc_col-sm-4\"><div class=\"vc_column-inner\"><div class=\"wpb_wrapper\">\n\t<div  class=\"wpb_single_image wpb_content_element vc_align_center  wpb_animate_when_almost_visible wpb_fadeInUp fadeInUp\">\n\t\t\n\t\t<figure class=\"wpb_wrapper vc_figure\">\n\t\t\t<div class=\"vc_single_image-wrapper   vc_box_border_grey\"><img loading=\"lazy\" decoding=\"async\" width=\"1024\" height=\"640\" src=\"https:\/\/absynth.eu\/wp-content\/uploads\/2021\/03\/02-Salon_009-1024x640.jpg\" class=\"vc_single_image-img attachment-large\" alt=\"KRES Architekci\" srcset=\"https:\/\/absynth.eu\/wp-content\/uploads\/2021\/03\/02-Salon_009-1024x640.jpg 1024w, https:\/\/absynth.eu\/wp-content\/uploads\/2021\/03\/02-Salon_009-300x188.jpg 300w, https:\/\/absynth.eu\/wp-content\/uploads\/2021\/03\/02-Salon_009-768x480.jpg 768w, https:\/\/absynth.eu\/wp-content\/uploads\/2021\/03\/02-Salon_009-1536x960.jpg 1536w, https:\/\/absynth.eu\/wp-content\/uploads\/2021\/03\/02-Salon_009.jpg 1920w\" sizes=\"(max-width: 1024px) 100vw, 1024px\" \/><\/div>\n\t\t<\/figure>\n\t<\/div>\n<\/div><\/div><\/div><div class=\"wpb_column vc_column_container vc_col-sm-4\"><div class=\"vc_column-inner\"><div class=\"wpb_wrapper\">\n\t<div  class=\"wpb_single_image wpb_content_element vc_align_center  wpb_animate_when_almost_visible wpb_fadeInRight fadeInRight\">\n\t\t\n\t\t<figure class=\"wpb_wrapper vc_figure\">\n\t\t\t<div class=\"vc_single_image-wrapper   vc_box_border_grey\"><img loading=\"lazy\" decoding=\"async\" width=\"1024\" height=\"640\" src=\"https:\/\/absynth.eu\/wp-content\/uploads\/2021\/03\/04-Sypialnia_001-1024x640.jpg\" class=\"vc_single_image-img attachment-large\" alt=\"KRES Architekci\" srcset=\"https:\/\/absynth.eu\/wp-content\/uploads\/2021\/03\/04-Sypialnia_001-1024x640.jpg 1024w, https:\/\/absynth.eu\/wp-content\/uploads\/2021\/03\/04-Sypialnia_001-300x188.jpg 300w, https:\/\/absynth.eu\/wp-content\/uploads\/2021\/03\/04-Sypialnia_001-768x480.jpg 768w, https:\/\/absynth.eu\/wp-content\/uploads\/2021\/03\/04-Sypialnia_001-1536x960.jpg 1536w, https:\/\/absynth.eu\/wp-content\/uploads\/2021\/03\/04-Sypialnia_001.jpg 1920w\" sizes=\"(max-width: 1024px) 100vw, 1024px\" \/><\/div>\n\t\t<\/figure>\n\t<\/div>\n<\/div><\/div><\/div><\/div>","protected":false},"excerpt":{"rendered":"KRES Architekci Zajmujemy si\u0119 kompleksowym projektowaniem wn\u0119trz mieszkalnych i komercyjnych. W swoim dorobku posiadamy bogate portfolio zrealizowanych projekt\u00f3w. Jako architekci wn\u0119trz staramy si\u0119 zadowoli\u0107 nawet najbardziej wymagaj\u0105cych klient\u00f3w i wpisa\u0107 si\u0119 w preferowany przez klienta styl. Nie tylko projektujemy, ale [...]","protected":false},"author":2,"featured_media":8520,"parent":0,"menu_order":0,"comment_status":"closed","ping_status":"closed","template":"full-width.php","meta":{"_monsterinsights_skip_tracking":false,"_monsterinsights_sitenote_active":false,"_monsterinsights_sitenote_note":"","_monsterinsights_sitenote_category":0,"footnotes":""},"class_list":["post-8517","page","type-page","status-publish","has-post-thumbnail","hentry"],"yoast_head":"<!-- This site is optimized with the Yoast SEO plugin v23.1 - https:\/\/yoast.com\/wordpress\/plugins\/seo\/ -->\n<title>KRES Architekci - Absynth<\/title>\n<meta name=\"description\" content=\"Absynth - producent nowoczesnych mebli. W ofercie: krzes\u0142a tapicerowane, meble skrzyniowe, stoly do jadalni, sto\u0142y d\u0119bowe,meble do salonu, jadalni. Absynth oryginalne meble - Zapraszamy\" \/>\n<meta name=\"robots\" content=\"index, follow, max-snippet:-1, max-image-preview:large, max-video-preview:-1\" \/>\n<link rel=\"canonical\" href=\"https:\/\/absynth.eu\/en\/kres-architekci\/\" \/>\n<meta property=\"og:locale\" content=\"en_GB\" \/>\n<meta property=\"og:type\" content=\"article\" \/>\n<meta property=\"og:title\" content=\"KRES Architekci - Absynth\" \/>\n<meta property=\"og:description\" content=\"Absynth - producent nowoczesnych mebli. W ofercie: krzes\u0142a tapicerowane, meble skrzyniowe, stoly do jadalni, sto\u0142y d\u0119bowe,meble do salonu, jadalni. Absynth oryginalne meble - Zapraszamy\" \/>\n<meta property=\"og:url\" content=\"https:\/\/absynth.eu\/en\/kres-architekci\/\" \/>\n<meta property=\"og:site_name\" content=\"Absynth\" \/>\n<meta property=\"article:publisher\" content=\"https:\/\/www.facebook.com\/MebleABSYNTH\" \/>\n<meta property=\"og:image\" content=\"https:\/\/absynth.eu\/wp-content\/uploads\/2021\/03\/02-Salon_004.jpg\" \/>\n\t<meta property=\"og:image:width\" content=\"1920\" \/>\n\t<meta property=\"og:image:height\" content=\"1200\" \/>\n\t<meta property=\"og:image:type\" content=\"image\/jpeg\" \/>\n<meta name=\"twitter:card\" content=\"summary_large_image\" \/>\n<meta name=\"twitter:label1\" content=\"Estimated reading time\" \/>\n\t<meta name=\"twitter:data1\" content=\"1 minute\" \/>\n<script type=\"application\/ld+json\" class=\"yoast-schema-graph\">{\"@context\":\"https:\/\/schema.org\",\"@graph\":[{\"@type\":\"WebPage\",\"@id\":\"https:\/\/absynth.eu\/kres-architekci\/\",\"url\":\"https:\/\/absynth.eu\/kres-architekci\/\",\"name\":\"KRES Architekci - Absynth\",\"isPartOf\":{\"@id\":\"https:\/\/absynth.eu\/pl\/#website\"},\"primaryImageOfPage\":{\"@id\":\"https:\/\/absynth.eu\/kres-architekci\/#primaryimage\"},\"image\":{\"@id\":\"https:\/\/absynth.eu\/kres-architekci\/#primaryimage\"},\"thumbnailUrl\":\"https:\/\/absynth.eu\/wp-content\/uploads\/2021\/03\/02-Salon_004.jpg\",\"datePublished\":\"2021-03-28T00:19:27+00:00\",\"dateModified\":\"2021-03-28T00:19:27+00:00\",\"description\":\"Absynth - producent nowoczesnych mebli. W ofercie: krzes\u0142a tapicerowane, meble skrzyniowe, stoly do jadalni, sto\u0142y d\u0119bowe,meble do salonu, jadalni. Absynth oryginalne meble - Zapraszamy\",\"breadcrumb\":{\"@id\":\"https:\/\/absynth.eu\/kres-architekci\/#breadcrumb\"},\"inLanguage\":\"en-GB\",\"potentialAction\":[{\"@type\":\"ReadAction\",\"target\":[\"https:\/\/absynth.eu\/kres-architekci\/\"]}]},{\"@type\":\"ImageObject\",\"inLanguage\":\"en-GB\",\"@id\":\"https:\/\/absynth.eu\/kres-architekci\/#primaryimage\",\"url\":\"https:\/\/absynth.eu\/wp-content\/uploads\/2021\/03\/02-Salon_004.jpg\",\"contentUrl\":\"https:\/\/absynth.eu\/wp-content\/uploads\/2021\/03\/02-Salon_004.jpg\",\"width\":1920,\"height\":1200,\"caption\":\"KRES Architekci\"},{\"@type\":\"BreadcrumbList\",\"@id\":\"https:\/\/absynth.eu\/kres-architekci\/#breadcrumb\",\"itemListElement\":[{\"@type\":\"ListItem\",\"position\":1,\"name\":\"Strona g\u0142\u00f3wna\",\"item\":\"https:\/\/absynth.eu\/\"},{\"@type\":\"ListItem\",\"position\":2,\"name\":\"KRES Architekci\"}]},{\"@type\":\"WebSite\",\"@id\":\"https:\/\/absynth.eu\/pl\/#website\",\"url\":\"https:\/\/absynth.eu\/pl\/\",\"name\":\"Absynth\",\"description\":\"Meble tworz\u0105 wn\u0119trze\",\"potentialAction\":[{\"@type\":\"SearchAction\",\"target\":{\"@type\":\"EntryPoint\",\"urlTemplate\":\"https:\/\/absynth.eu\/pl\/?s={search_term_string}\"},\"query-input\":\"required name=search_term_string\"}],\"inLanguage\":\"en-GB\"}]}<\/script>\n<!-- \/ Yoast SEO plugin. -->","yoast_head_json":{"title":"KRES Architekci - Absynth","description":"Absynth - producent nowoczesnych mebli. W ofercie: krzes\u0142a tapicerowane, meble skrzyniowe, stoly do jadalni, sto\u0142y d\u0119bowe,meble do salonu, jadalni. Absynth oryginalne meble - Zapraszamy","robots":{"index":"index","follow":"follow","max-snippet":"max-snippet:-1","max-image-preview":"max-image-preview:large","max-video-preview":"max-video-preview:-1"},"canonical":"https:\/\/absynth.eu\/en\/kres-architekci\/","og_locale":"en_GB","og_type":"article","og_title":"KRES Architekci - Absynth","og_description":"Absynth - producent nowoczesnych mebli. W ofercie: krzes\u0142a tapicerowane, meble skrzyniowe, stoly do jadalni, sto\u0142y d\u0119bowe,meble do salonu, jadalni. Absynth oryginalne meble - Zapraszamy","og_url":"https:\/\/absynth.eu\/en\/kres-architekci\/","og_site_name":"Absynth","article_publisher":"https:\/\/www.facebook.com\/MebleABSYNTH","og_image":[{"width":1920,"height":1200,"url":"https:\/\/absynth.eu\/wp-content\/uploads\/2021\/03\/02-Salon_004.jpg","type":"image\/jpeg"}],"twitter_card":"summary_large_image","twitter_misc":{"Estimated reading time":"1 minute"},"schema":{"@context":"https:\/\/schema.org","@graph":[{"@type":"WebPage","@id":"https:\/\/absynth.eu\/kres-architekci\/","url":"https:\/\/absynth.eu\/kres-architekci\/","name":"KRES Architekci - Absynth","isPartOf":{"@id":"https:\/\/absynth.eu\/pl\/#website"},"primaryImageOfPage":{"@id":"https:\/\/absynth.eu\/kres-architekci\/#primaryimage"},"image":{"@id":"https:\/\/absynth.eu\/kres-architekci\/#primaryimage"},"thumbnailUrl":"https:\/\/absynth.eu\/wp-content\/uploads\/2021\/03\/02-Salon_004.jpg","datePublished":"2021-03-28T00:19:27+00:00","dateModified":"2021-03-28T00:19:27+00:00","description":"Absynth - producent nowoczesnych mebli. W ofercie: krzes\u0142a tapicerowane, meble skrzyniowe, stoly do jadalni, sto\u0142y d\u0119bowe,meble do salonu, jadalni. Absynth oryginalne meble - Zapraszamy","breadcrumb":{"@id":"https:\/\/absynth.eu\/kres-architekci\/#breadcrumb"},"inLanguage":"en-GB","potentialAction":[{"@type":"ReadAction","target":["https:\/\/absynth.eu\/kres-architekci\/"]}]},{"@type":"ImageObject","inLanguage":"en-GB","@id":"https:\/\/absynth.eu\/kres-architekci\/#primaryimage","url":"https:\/\/absynth.eu\/wp-content\/uploads\/2021\/03\/02-Salon_004.jpg","contentUrl":"https:\/\/absynth.eu\/wp-content\/uploads\/2021\/03\/02-Salon_004.jpg","width":1920,"height":1200,"caption":"KRES Architekci"},{"@type":"BreadcrumbList","@id":"https:\/\/absynth.eu\/kres-architekci\/#breadcrumb","itemListElement":[{"@type":"ListItem","position":1,"name":"Strona g\u0142\u00f3wna","item":"https:\/\/absynth.eu\/"},{"@type":"ListItem","position":2,"name":"KRES Architekci"}]},{"@type":"WebSite","@id":"https:\/\/absynth.eu\/pl\/#website","url":"https:\/\/absynth.eu\/pl\/","name":"Absynth","description":"Meble tworz\u0105 wn\u0119trze","potentialAction":[{"@type":"SearchAction","target":{"@type":"EntryPoint","urlTemplate":"https:\/\/absynth.eu\/pl\/?s={search_term_string}"},"query-input":"required name=search_term_string"}],"inLanguage":"en-GB"}]}},"_links":{"self":[{"href":"https:\/\/absynth.eu\/en\/wp-json\/wp\/v2\/pages\/8517"}],"collection":[{"href":"https:\/\/absynth.eu\/en\/wp-json\/wp\/v2\/pages"}],"about":[{"href":"https:\/\/absynth.eu\/en\/wp-json\/wp\/v2\/types\/page"}],"author":[{"embeddable":true,"href":"https:\/\/absynth.eu\/en\/wp-json\/wp\/v2\/users\/2"}],"replies":[{"embeddable":true,"href":"https:\/\/absynth.eu\/en\/wp-json\/wp\/v2\/comments?post=8517"}],"version-history":[{"count":2,"href":"https:\/\/absynth.eu\/en\/wp-json\/wp\/v2\/pages\/8517\/revisions"}],"predecessor-version":[{"id":8522,"href":"https:\/\/absynth.eu\/en\/wp-json\/wp\/v2\/pages\/8517\/revisions\/8522"}],"wp:featuredmedia":[{"embeddable":true,"href":"https:\/\/absynth.eu\/en\/wp-json\/wp\/v2\/media\/8520"}],"wp:attachment":[{"href":"https:\/\/absynth.eu\/en\/wp-json\/wp\/v2\/media?parent=8517"}],"curies":[{"name":"wp","href":"https:\/\/api.w.org\/{rel}","templated":true}]}}